{"id":2429,"date":"2025-01-29T17:57:51","date_gmt":"2025-01-29T16:57:51","guid":{"rendered":"https:\/\/vassuniversity.com\/?post_type=programa&#038;p=2429"},"modified":"2025-02-28T08:54:27","modified_gmt":"2025-02-28T07:54:27","slug":"legal-challenges-accessibility-course","status":"publish","type":"programa","link":"https:\/\/vassuniversity.com\/en\/programme\/legal-challenges-accessibility-course\/","title":{"rendered":"Technology without Barriers. Advanced Programme in Digital Accessibility"},"content":{"rendered":"<div class=\"wp-block-jet-engine-section jet-section wp-block-jet-engine-section jet-section--layout-fullwidth\"><div class=\"jet-section__content\">\n<p class=\"has-medium-font-size\"><strong>First edition closed, new registrations on waiting list for second edition<\/strong><\/p>\n<\/div><\/div>\n\n\n\n<p class=\"has-medium-font-size\"><strong>Course&nbsp;<\/strong><em>free<\/em><strong>&nbsp;digital accessibility for people with disabilities and professionals from social organisations<\/strong>!&nbsp;<\/p>\n\n\n\n<p class=\"has-medium-font-size\"><strong><em>Duration:<\/em><\/strong><em>&nbsp;from 11 February to 12 June 2025 (74 Hours) Timetable<strong>:<\/strong>&nbsp;from 17:00 to 19:00h (Tuesdays and Thursdays)&nbsp;&nbsp;&nbsp;<strong>Format:<\/strong>&nbsp;On line.<\/em><\/p>\n\n\n\n<p class=\"has-medium-font-size\">At&nbsp;<strong>VASS Foundation<\/strong>We are committed to creating an inclusive digital ecosystem that guarantees equal access to technology for all people, regardless of their age, educational level or disability status. For this reason, we offer this specialised course in digital accessibility, designed to train people with disabilities and professionals from social organisations in the design and development of accessible digital products.&nbsp;<\/p>\n\n\n\n<p><\/p>\n\n\n\n<h3 class=\"wp-block-heading\"><strong>Justification<\/strong><\/h3>\n\n\n\n<p class=\"has-medium-font-size\">An accessible website, platform or application is one that can be used by anyone, without exception. Accessibility is not only an ethical commitment, but also a legal requirement in the European Union, according to directives such as the European Accessibility Act, which will be binding from 2025.&nbsp;<\/p>\n\n\n\n<p class=\"has-medium-font-size\">In addition to promoting inclusion and equity, accessible digital products help to remove technological barriers, facilitating access to information, products and services for all people.&nbsp;<\/p>\n\n\n\n<h3 class=\"wp-block-heading\"><strong>Course objectives:<\/strong>&nbsp;<\/h3>\n\n\n\n<p><\/p>\n\n\n\n<p class=\"has-medium-font-size\">At the end of this training, participants will be able to:&nbsp;<\/p>\n\n\n\n<ul class=\"wp-block-list\">\n<li class=\"has-medium-font-size\">Understand the need, usefulness and responsibility associated with the design and development of accessible digital products.&nbsp;<\/li>\n\n\n\n<li class=\"has-medium-font-size\">Acquire theoretical and practical knowledge to evaluate and apply accessibility in different technologies.&nbsp;<\/li>\n\n\n\n<li class=\"has-medium-font-size\">Promote a culture of inclusive development that complies with current regulations and responds to today's social responsibility.&nbsp;<\/li>\n<\/ul>\n\n\n\n<p><\/p>\n\n\n\n<h3 class=\"wp-block-heading\"><strong>Addressed to:<\/strong>&nbsp;<\/h3>\n\n\n\n<p class=\"has-medium-font-size\">This course is especially aimed at:&nbsp;<\/p>\n\n\n\n<ul class=\"wp-block-list\">\n<li class=\"has-medium-font-size\">Professionals with at least one year's experience in<strong> web and PPP design or development<\/strong>.&nbsp;<\/li>\n\n\n\n<li class=\"has-medium-font-size\"><strong>Engineering students,<\/strong> training cycles or degrees that already have basic development and\/or design competences.&nbsp;<\/li>\n\n\n\n<li class=\"has-medium-font-size\"><strong>Front-end developers<\/strong> interested in implementing accessibility in their projects.&nbsp;<\/li>\n\n\n\n<li class=\"has-medium-font-size\"><strong>User interface (UI) and user experience (UX) designers.<\/strong>&nbsp;<\/li>\n\n\n\n<li class=\"has-medium-font-size\"><strong>Commercial Teams, Project Managers and Team Leaders <\/strong>who wish to be trained in the fundamentals of digital accessibility and its application in projects.&nbsp;<\/li>\n\n\n\n<li class=\"has-medium-font-size\">Profiles of <strong>QA and programmers.&nbsp;<\/strong><\/li>\n<\/ul>\n\n\n\n<p><\/p>\n\n\n\n<h3 class=\"wp-block-heading\"><strong>Duration:&nbsp;&nbsp;<\/strong>&nbsp;&nbsp;<\/h3>\n\n\n\n<p class=\"has-medium-font-size\">The programme would consist of an estimated total of<strong> 74 hours<\/strong>which at a rate of <strong>4 hours per week<\/strong> would be equivalent to a programme of <strong>3 months duration<\/strong>.&nbsp;&nbsp;<\/p>\n\n\n\n<p class=\"has-medium-font-size\">Because of its uniqueness, the programme could be optimised by modularising it, in parallel, so that it can enrich existing courses. Hence, next to each part we include in brackets profiles with specific interest in each one.&nbsp;&nbsp;<\/p>\n\n\n\n<p><\/p>\n\n\n\n<h3 class=\"wp-block-heading\"><strong>Training content <\/strong><\/h3>\n\n\n\n<p class=\"has-medium-font-size\">The programme includes the following thematic blocks:&nbsp;<\/p>\n\n\n\n<ol start=\"1\" class=\"wp-block-list\">\n<li class=\"has-medium-font-size\"><strong>Introduction to accessibility (A11 and 101) and applicable legal regulations. <\/strong><\/li>\n<\/ol>\n\n\n\n<ol start=\"2\" class=\"wp-block-list\">\n<li class=\"has-medium-font-size\"><strong>Design of accessible applications:<\/strong> Premises, techniques and standards for the creation of inclusive interfaces.<em> <\/em><\/li>\n<\/ol>\n\n\n\n<ol start=\"3\" class=\"wp-block-list\">\n<li class=\"has-medium-font-size\"><strong>Development of accessible websites<\/strong> Accessible code construction and best practices.&nbsp;&nbsp;<\/li>\n<\/ol>\n\n\n\n<ol start=\"4\" class=\"wp-block-list\">\n<li class=\"has-medium-font-size\"><strong>Development of accessible native Android and iOS APPs<\/strong>Development methods and standards for accessible apps.<em> <\/em><\/li>\n<\/ol>\n\n\n\n<ol start=\"5\" class=\"wp-block-list\">\n<li class=\"has-medium-font-size\"><strong>Auditing accessibility:<\/strong> Protocols and tools for assessing compliance with standards in digital projects. <\/li>\n<\/ol>\n\n\n\n<h3 class=\"wp-block-heading\"><strong>Modality and methodology&nbsp;<\/strong>&nbsp;<\/h3>\n\n\n\n<p><\/p>\n\n\n\n<ul class=\"wp-block-list\">\n<li class=\"has-medium-font-size\"><strong>Format:<\/strong>&nbsp;Two-hour synchronous classes, two sessions per week, (Tuesday and Thursday).&nbsp;<\/li>\n\n\n\n<li class=\"has-medium-font-size\"><strong>Methodology:&nbsp;<\/strong>ON-LINE Theoretical presentations combined with practical exercises and group discussions.&nbsp;<\/li>\n\n\n\n<li class=\"has-medium-font-size\"><strong>Additional material:<\/strong>&nbsp;Session notes with key concepts.<\/li>\n<\/ul>\n\n\n\n<p><\/p>\n\n\n\n<h3 class=\"wp-block-heading\"><strong>Registration here<\/strong><\/h3>\n\n\n\n<p class=\"has-medium-font-size\">This course is completely <strong>free<\/strong>with limited places.<\/p>\n\n\n\n<details class=\"wp-block-details has-medium-font-size is-layout-flow wp-block-details-is-layout-flow\"><summary>Click here to display the form<\/summary>\n[wpforms id=\"2451\u2033 title=\"false\"]\n\n\n\n<p><\/p>\n<\/details>\n\n\n\n<h3 class=\"wp-block-heading\"><strong>Committed to an inclusive digital world<\/strong>&nbsp;<\/h3>\n\n\n\n<p class=\"has-medium-font-size\">This training is a unique opportunity to acquire expertise in digital accessibility and contribute to the creation of a more accessible and equitable digital environment.&nbsp;<\/p>\n\n\n\n<p><\/p>","protected":false},"parent":0,"template":"","categoria-programas":[27],"class_list":["post-2429","programa","type-programa","status-publish","hentry","categoria-programas-alta-especializacion"],"yoast_head":"<!-- This site is optimized with the Yoast SEO plugin v26.8 - https:\/\/yoast.com\/product\/yoast-seo-wordpress\/ -->\n<title>Tecnolog\u00eda sin Barreras. Programa avanzado en Accesibilidad Digital - VASS University<\/title>\n<meta name=\"robots\" content=\"index, follow, max-snippet:-1, max-image-preview:large, max-video-preview:-1\" \/>\n<link rel=\"canonical\" href=\"https:\/\/vassuniversity.com\/en\/programme\/legal-challenges-accessibility-course\/\" \/>\n<meta property=\"og:locale\" content=\"en_GB\" \/>\n<meta property=\"og:type\" content=\"article\" \/>\n<meta property=\"og:title\" content=\"Tecnolog\u00eda sin Barreras. Programa avanzado en Accesibilidad Digital - VASS University\" \/>\n<meta property=\"og:description\" content=\"\u00a1Curso&nbsp;gratuito&nbsp;de accesibilidad digital para personas con discapacidad y profesionales de entidades sociales!&nbsp; Duraci\u00f3n:&nbsp;de 11 de febrero al 12 de junio 2025 (74 Horas) Horario:&nbsp;de 17:00 a 19:00h (martes y jueves)&nbsp;&nbsp;&nbsp;Formato:&nbsp;On line. En&nbsp;Fundaci\u00f3n VASS, estamos comprometidos con la creaci\u00f3n de un ecosistema digital inclusivo que garantice el acceso equitativo a la tecnolog\u00eda para todas las personas, [&hellip;]\" \/>\n<meta property=\"og:url\" content=\"https:\/\/vassuniversity.com\/en\/programme\/legal-challenges-accessibility-course\/\" \/>\n<meta property=\"og:site_name\" content=\"VASS University\" \/>\n<meta property=\"article:modified_time\" content=\"2025-02-28T07:54:27+00:00\" \/>\n<meta name=\"twitter:card\" content=\"summary_large_image\" \/>\n<meta name=\"twitter:label1\" content=\"Estimated reading time\" \/>\n\t<meta name=\"twitter:data1\" content=\"3 minutes\" \/>\n<script type=\"application\/ld+json\" class=\"yoast-schema-graph\">{\"@context\":\"https:\/\/schema.org\",\"@graph\":[{\"@type\":\"WebPage\",\"@id\":\"https:\/\/vassuniversity.com\/programa\/curso-retos-legales-accesibilidad\/\",\"url\":\"https:\/\/vassuniversity.com\/programa\/curso-retos-legales-accesibilidad\/\",\"name\":\"Tecnolog\u00eda sin Barreras. Programa avanzado en Accesibilidad Digital - VASS University\",\"isPartOf\":{\"@id\":\"https:\/\/vassuniversity.com\/#website\"},\"datePublished\":\"2025-01-29T16:57:51+00:00\",\"dateModified\":\"2025-02-28T07:54:27+00:00\",\"breadcrumb\":{\"@id\":\"https:\/\/vassuniversity.com\/programa\/curso-retos-legales-accesibilidad\/#breadcrumb\"},\"inLanguage\":\"en-GB\",\"potentialAction\":[{\"@type\":\"ReadAction\",\"target\":[\"https:\/\/vassuniversity.com\/programa\/curso-retos-legales-accesibilidad\/\"]}]},{\"@type\":\"BreadcrumbList\",\"@id\":\"https:\/\/vassuniversity.com\/programa\/curso-retos-legales-accesibilidad\/#breadcrumb\",\"itemListElement\":[{\"@type\":\"ListItem\",\"position\":1,\"name\":\"Inicio\",\"item\":\"https:\/\/vassuniversity.com\/\"},{\"@type\":\"ListItem\",\"position\":2,\"name\":\"Programas\",\"item\":\"https:\/\/vassuniversity.com\/?post_type=programa\"},{\"@type\":\"ListItem\",\"position\":3,\"name\":\"Tecnolog\u00eda sin Barreras. Programa avanzado en Accesibilidad Digital\"}]},{\"@type\":\"WebSite\",\"@id\":\"https:\/\/vassuniversity.com\/#website\",\"url\":\"https:\/\/vassuniversity.com\/\",\"name\":\"VASS University\",\"description\":\"Impulsamos el talento de las compa\u00f1\u00edas\",\"publisher\":{\"@id\":\"https:\/\/vassuniversity.com\/#organization\"},\"alternateName\":\"VASS University\",\"potentialAction\":[{\"@type\":\"SearchAction\",\"target\":{\"@type\":\"EntryPoint\",\"urlTemplate\":\"https:\/\/vassuniversity.com\/?s={search_term_string}\"},\"query-input\":{\"@type\":\"PropertyValueSpecification\",\"valueRequired\":true,\"valueName\":\"search_term_string\"}}],\"inLanguage\":\"en-GB\"},{\"@type\":\"Organization\",\"@id\":\"https:\/\/vassuniversity.com\/#organization\",\"name\":\"VASS University\",\"alternateName\":\"VASS University\",\"url\":\"https:\/\/vassuniversity.com\/\",\"logo\":{\"@type\":\"ImageObject\",\"inLanguage\":\"en-GB\",\"@id\":\"https:\/\/vassuniversity.com\/#\/schema\/logo\/image\/\",\"url\":\"https:\/\/vassuniversity.com\/wp-content\/uploads\/2023\/03\/VASS-UNIVERSITY_landscape.png\",\"contentUrl\":\"https:\/\/vassuniversity.com\/wp-content\/uploads\/2023\/03\/VASS-UNIVERSITY_landscape.png\",\"width\":769,\"height\":297,\"caption\":\"VASS University\"},\"image\":{\"@id\":\"https:\/\/vassuniversity.com\/#\/schema\/logo\/image\/\"}}]}<\/script>\n<!-- \/ Yoast SEO plugin. -->","yoast_head_json":{"title":"Technology without Barriers. Advanced Programme in Digital Accessibility - VASS University","robots":{"index":"index","follow":"follow","max-snippet":"max-snippet:-1","max-image-preview":"max-image-preview:large","max-video-preview":"max-video-preview:-1"},"canonical":"https:\/\/vassuniversity.com\/en\/programme\/legal-challenges-accessibility-course\/","og_locale":"en_GB","og_type":"article","og_title":"Tecnolog\u00eda sin Barreras. Programa avanzado en Accesibilidad Digital - VASS University","og_description":"\u00a1Curso&nbsp;gratuito&nbsp;de accesibilidad digital para personas con discapacidad y profesionales de entidades sociales!&nbsp; Duraci\u00f3n:&nbsp;de 11 de febrero al 12 de junio 2025 (74 Horas) Horario:&nbsp;de 17:00 a 19:00h (martes y jueves)&nbsp;&nbsp;&nbsp;Formato:&nbsp;On line. En&nbsp;Fundaci\u00f3n VASS, estamos comprometidos con la creaci\u00f3n de un ecosistema digital inclusivo que garantice el acceso equitativo a la tecnolog\u00eda para todas las personas, [&hellip;]","og_url":"https:\/\/vassuniversity.com\/en\/programme\/legal-challenges-accessibility-course\/","og_site_name":"VASS University","article_modified_time":"2025-02-28T07:54:27+00:00","twitter_card":"summary_large_image","twitter_misc":{"Estimated reading time":"3 minutes"},"schema":{"@context":"https:\/\/schema.org","@graph":[{"@type":"WebPage","@id":"https:\/\/vassuniversity.com\/programa\/curso-retos-legales-accesibilidad\/","url":"https:\/\/vassuniversity.com\/programa\/curso-retos-legales-accesibilidad\/","name":"Technology without Barriers. Advanced Programme in Digital Accessibility - VASS University","isPartOf":{"@id":"https:\/\/vassuniversity.com\/#website"},"datePublished":"2025-01-29T16:57:51+00:00","dateModified":"2025-02-28T07:54:27+00:00","breadcrumb":{"@id":"https:\/\/vassuniversity.com\/programa\/curso-retos-legales-accesibilidad\/#breadcrumb"},"inLanguage":"en-GB","potentialAction":[{"@type":"ReadAction","target":["https:\/\/vassuniversity.com\/programa\/curso-retos-legales-accesibilidad\/"]}]},{"@type":"BreadcrumbList","@id":"https:\/\/vassuniversity.com\/programa\/curso-retos-legales-accesibilidad\/#breadcrumb","itemListElement":[{"@type":"ListItem","position":1,"name":"Inicio","item":"https:\/\/vassuniversity.com\/"},{"@type":"ListItem","position":2,"name":"Programas","item":"https:\/\/vassuniversity.com\/?post_type=programa"},{"@type":"ListItem","position":3,"name":"Tecnolog\u00eda sin Barreras. Programa avanzado en Accesibilidad Digital"}]},{"@type":"WebSite","@id":"https:\/\/vassuniversity.com\/#website","url":"https:\/\/vassuniversity.com\/","name":"VASS University","description":"We boost the talent of companies","publisher":{"@id":"https:\/\/vassuniversity.com\/#organization"},"alternateName":"VASS University","potentialAction":[{"@type":"SearchAction","target":{"@type":"EntryPoint","urlTemplate":"https:\/\/vassuniversity.com\/?s={search_term_string}"},"query-input":{"@type":"PropertyValueSpecification","valueRequired":true,"valueName":"search_term_string"}}],"inLanguage":"en-GB"},{"@type":"Organization","@id":"https:\/\/vassuniversity.com\/#organization","name":"VASS University","alternateName":"VASS University","url":"https:\/\/vassuniversity.com\/","logo":{"@type":"ImageObject","inLanguage":"en-GB","@id":"https:\/\/vassuniversity.com\/#\/schema\/logo\/image\/","url":"https:\/\/vassuniversity.com\/wp-content\/uploads\/2023\/03\/VASS-UNIVERSITY_landscape.png","contentUrl":"https:\/\/vassuniversity.com\/wp-content\/uploads\/2023\/03\/VASS-UNIVERSITY_landscape.png","width":769,"height":297,"caption":"VASS University"},"image":{"@id":"https:\/\/vassuniversity.com\/#\/schema\/logo\/image\/"}}]}},"_links":{"self":[{"href":"https:\/\/vassuniversity.com\/en\/wp-json\/wp\/v2\/programa\/2429","targetHints":{"allow":["GET"]}}],"collection":[{"href":"https:\/\/vassuniversity.com\/en\/wp-json\/wp\/v2\/programa"}],"about":[{"href":"https:\/\/vassuniversity.com\/en\/wp-json\/wp\/v2\/types\/programa"}],"wp:attachment":[{"href":"https:\/\/vassuniversity.com\/en\/wp-json\/wp\/v2\/media?parent=2429"}],"wp:term":[{"taxonomy":"categoria-programas","embeddable":true,"href":"https:\/\/vassuniversity.com\/en\/wp-json\/wp\/v2\/categoria-programas?post=2429"}],"curies":[{"name":"wp","href":"https:\/\/api.w.org\/{rel}","templated":true}]}}